{"id":751,"date":"2011-11-22T03:19:42","date_gmt":"2011-11-22T03:19:42","guid":{"rendered":"http:\/\/dev2.elizabethmaymp.ca\/?page_id=751"},"modified":"2026-03-25T13:49:31","modified_gmt":"2026-03-25T20:49:31","slug":"meet-elizabeth-may","status":"publish","type":"page","link":"https:\/\/elizabethmaymp.ca\/fr\/home\/meet-elizabeth-widget\/meet-elizabeth-may\/","title":{"rendered":"Elizabeth May"},"content":{"rendered":"<p><strong>L\u2019une des plus illustres parlementaires du Canada, Elizabeth May d\u00e9fend l\u2019environnement depuis toujours. <\/strong><\/p>\n<p>Avant de se lancer en politique, elle a \u00e9t\u00e9 avocate et conseill\u00e8re en politiques gouvernementales. Elle a aussi \u00e9t\u00e9 directrice g\u00e9n\u00e9rale du Sierra Club du Canada durant 17 ans, de 1989 \u00e0 2006. Neuvi\u00e8me chef du Parti vert du Canada (de 2006 \u00e0 2019), elle a \u00e9t\u00e9 la premi\u00e8re candidate de ce parti \u00e0 se faire \u00e9lire, en 2011. \u00c0 partir du moment o\u00f9 Mme May a r\u00e9ussi \u00e0 faire tomber le pr\u00e9jug\u00e9 voulant que les verts ne puissent pas se faire \u00e9lire dans le cadre d\u2019un scrutin majoritaire uninominal \u00e0 un tour, 16 autres candidats verts ont \u00e9t\u00e9 \u00e9lus au f\u00e9d\u00e9ral et dans quatre provinces canadiennes. Elizabeth May occupe pr\u00e9sentement les fonctions de leader parlementaire du Parti vert, en plus d\u2019\u00eatre d\u00e9put\u00e9e de la circonscription de Saanich-Gulf Islands, qui recoupe le territoire de la Nation W\u0331S\u00c1NE\u0106.<\/p>\n<p>M\u00eame si, au d\u00e9part, elle n\u2019a pas pu obtenir son baccalaur\u00e9at parce que le restaurant que sa famille exploitait au Cap-Breton a connu des difficult\u00e9s financi\u00e8res, elle a r\u00e9ussi \u00e0 s\u2019inscrire au programme d\u2019\u00e9ducation pour les adultes au d\u00e9but des ann\u00e9es 1980 et \u00e0 faire son droit. Ses premi\u00e8res armes, elle les a faites dans une bataille juridique aux proportions \u00e9piques visant \u00e0 emp\u00eacher l\u2019\u00e9pandage d\u2019agent Orange en Nouvelle-\u00c9cosse. Elle avait pour adversaire une grande soci\u00e9t\u00e9 de produits chimiques. Dipl\u00f4m\u00e9e de l\u2019\u00c9cole de droit de l\u2019Universit\u00e9 Dalhousie, elle a \u00e9t\u00e9 admise aux barreaux de la Nouvelle-\u00c9cosse et de l\u2019Ontario.<br \/>\nElizabeth May s\u2019est install\u00e9e \u00e0 Ottawa en 1985 pour occuper les fonctions de codirectrice du contentieux au Centre pour la d\u00e9fense de l\u2019int\u00e9r\u00eat public; elle a ensuite \u00e9t\u00e9 recrut\u00e9e au poste de conseill\u00e8re principale en politiques aupr\u00e8s du ministre de l\u2019Environnement du Canada, \u00e0 l\u2019\u00e9t\u00e9 1986. Pendant son passage \u00e0 Environnement Canada, elle a directement contribu\u00e9 \u00e0 la cr\u00e9ation de plusieurs parcs nationaux, dont le parc Gwaii Haanas, \u00e0 Haida Gwaii. Elle a aussi pris part aux n\u00e9gociations du Protocole de Montr\u00e9al, sur la protection de la couche d\u2019ozone, et de divers trait\u00e9s sur les pluies acides, ainsi qu\u2019\u00e0 la premi\u00e8re conf\u00e9rence scientifique internationale sur les perturbations climatiques. En 1988, elle a d\u00e9missionn\u00e9 pour une question de principe, car le ministre en poste avait alors conclu un accord politique dans le cadre duquel il acceptait d\u2019accorder, sans \u00e9valuation environnementale, les permis n\u00e9cessaires \u00e0 la construction des barrages Rafferty et Alameda, en Saskatchewan. La Cour f\u00e9d\u00e9rale a par la suite conclu que ces permis avaient \u00e9t\u00e9 accord\u00e9s ill\u00e9galement.<\/p>\n<p>En 1989, Elizabeth May est devenue la premi\u00e8re directrice g\u00e9n\u00e9rale du Sierra Club du Canada, poste qu\u2019elle a occup\u00e9 jusqu\u2019\u00e0 ce qu\u2019elle d\u00e9missionne, en mars 2006, pour briguer la direction du Parti vert du Canada.<\/p>\n<h2>Prix et mentions importantes<\/h2>\n<p>En novembre 2010, le magazine Newsweek a dit d\u2019elle qu\u2019elle \u00e9tait l\u2019une des femmes les plus influentes de la plan\u00e8te. Chaque ann\u00e9e, le magazine Maclean\u2019s demande aux d\u00e9put\u00e9s d\u2019\u00e9lire les parlementaires qui se sont le plus distingu\u00e9s dans diverses cat\u00e9gories, et Elizabeth a remport\u00e9 le titre de parlementaire de l\u2019ann\u00e9e en 2012, le prix de l\u2019ardeur au travail en 2013, le prix de la meilleure oratrice en 2014, et le titre de d\u00e9put\u00e9e connaissant le mieux ses dossiers en 2020. En 2013, le Hill Times lui a remis deux distinctions, soit celle de l\u2019ardeur au travail et de la meilleure repr\u00e9sentante de circonscription, en plus de la sacrer meilleure oratrice en 2014.<\/p>\n<p>Son travail dans le domaine environnemental a \u00e9t\u00e9 cit\u00e9 dans de nombreux documentaires, y compris dans le dernier \u00e9pisode de la tr\u00e8s r\u00e9put\u00e9e s\u00e9rie Canada : Une histoire populaire, de CBC\/Radio-Canada. Elle a re\u00e7u de nombreux prix et distinctions, dont le Prix pour r\u00e9alisations exceptionnelles du Sierra Club en 1989, le Prix international pour la conservation de Friends of Nature, le Prix du palmar\u00e8s mondial des 500 des Nations Unies en 1990, le Prix pour leadership exceptionnel en mati\u00e8re d\u2019\u00e9ducation environnementale de l\u2019Ontario Society for Environmental Education en 1996 et le prix Harkin pour la conservation de la Soci\u00e9t\u00e9 pour la nature et les parcs du Canada en 2002. En 2006, elle a re\u00e7u le prestigieux prix Couchiching en reconnaissance de ses r\u00e9alisations dans le domaine des politiques publiques. La m\u00eame ann\u00e9e, les Nations Unies ont dit d\u2019elle qu\u2019elle comptait parmi les environnementalistes f\u00e9minines les plus influentes du monde.<\/p>\n<p>Elizabeth May a \u00e9t\u00e9 faite offici\u00e8re de l\u2019Ordre du Canada en 2005 afin de la remercier pour les dizaines d\u2019ann\u00e9es qu\u2019elle a consacr\u00e9es au mouvement environnemental canadien.<\/p>\n<h2>B\u00e9n\u00e9volat<\/h2>\n<p>Elle a entrepris son travail b\u00e9n\u00e9vole dans le mouvement environnemental dans les ann\u00e9es 1970. Elle a men\u00e9 avec succ\u00e8s des campagnes pour emp\u00eacher l\u2019\u00e9pandage a\u00e9rien, qui visait \u00e0 \u00e9liminer la tordeuse des bourgeons d\u2019\u00e9pinette dans les for\u00eats de la Nouvelle-\u00c9cosse; elle a r\u00e9ussi \u00e0 bloquer l\u2019approbation de mines d\u2019uranium en Nouvelle-\u00c9cosse; et elle a travaill\u00e9 \u00e9norm\u00e9ment sur les enjeux de politique \u00e9nerg\u00e9tique, s\u2019opposant principalement \u00e0 l\u2019\u00e9nergie nucl\u00e9aire.<br \/>\nElle a travaill\u00e9 avec les peuples autochtones \u00e0 l\u2019\u00e9chelle internationale, ainsi qu\u2019avec les Premi\u00e8res Nations du Canada. Pendant son passage au Sierra Club, elle a \u00e9t\u00e9 directrice g\u00e9n\u00e9rale de l\u2019organisme Survie culturelle Canada de 1989 \u00e0 1992. Elle \u00e9tait la premi\u00e8re \u00e0 occuper ce poste b\u00e9n\u00e9volement. Elle a aussi travaill\u00e9 pour les Algonquins du lac Barri\u00e8re en 1991 et en 1992.<\/p>\n<h2>Nominations \u00e0 des conseils d\u2019administration<\/h2>\n<p>Elizabeth May a fait partie de nombreux conseils d\u2019administration, notamment ceux des organisations Les Ami(e)s de la Terre (Canada), Friends of Nature (toujours en poste), et le Nuclear Information and Resource Service (toujours en poste). Elle a si\u00e9g\u00e9 au sein de l\u2019International Institute for Sustainable Developement; elle a \u00e9t\u00e9 vice-pr\u00e9sidente de la Table ronde nationale sur l\u2019environnement et l\u2019\u00e9conomie; et elle a jou\u00e9 le r\u00f4le de commissaire de l\u2019Earth Charter International Council \u00e0 l\u2019\u00e9poque o\u00f9 celui-ci \u00e9tait pr\u00e9sid\u00e9 par Mikha\u00efl Gorbatchev et le regrett\u00e9 Maurice Strong.<br \/>\nPostes universitaires<\/p>\n<p>Elizabeth May a enseign\u00e9 \u00e0 l\u2019\u00c9cole d\u2019\u00e9tudes publiques de l\u2019Universit\u00e9 Queen\u2019s ainsi qu\u2019\u00e0 l\u2019Universit\u00e9 Dalhousie dans le cadre du programme sur la sant\u00e9 des femmes et l\u2019environnement qui a \u00e9t\u00e9 nomm\u00e9 en son honneur (et qui porte aujourd\u2019hui le nom de Chaire Elizabeth May sur le d\u00e9veloppement durable et la sant\u00e9 environnementale). Elle a re\u00e7u des doctorats honorifiques de quatre \u00e9tablissements universitaires : Mount Saint Vincent, Mount Allison, Universit\u00e9 du Nouveau-Brunswick et \u00c9cole de th\u00e9ologie de l\u2019Atlantique.<\/p>\n<h2>Livres d\u2019Elizabeth<\/h2>\n<p>Elizabeth May a \u00e9crit huit livres : Who We Are : Reflections on my Life and on Canada (2014), Budworm Battles (1982), Paradise Won : The Struggle to Save South Moresby (1990, \u00e9dition r\u00e9vis\u00e9e et r\u00e9imprim\u00e9e en 2020), At the Cutting Edge : The Crisis in Canada\u2019s Forests (Key Porter Books, 1998, nouvelle \u00e9dition compl\u00e8tement refondue en 2004), Frederick Street : Life and Death on Canada\u2019s Love Canal (en collaboration avec Maude Barlow, Harper Collins, 2000), How to Save the World in Your Spare Time (Key Porter Books, 2006), Global Warming for Dummies (en collaboration avec Zoe Caron, John Wiley et fils, 2008) et Losing Confidence : Power, Politics and the Crisis in Canadian Democracy (McLelland et Stewart, 2009).<\/p>\n<h2>D\u00e9fense des int\u00e9r\u00eats<\/h2>\n<p>Pour faire valoir ses positions, Mme May n\u2019a jamais h\u00e9sit\u00e9 \u00e0 poser des gestes d\u2019\u00e9clat. En mai 2001, elle a par exemple fait la gr\u00e8ve de la faim durant 17 jours sur la Colline du Parlement dans le but de d\u00e9noncer le racisme environnemental et la toxicit\u00e9 du milieu de vie des personnes habitant pr\u00e8s des tristement c\u00e9l\u00e8bres \u00e9tangs de goudron de Sydney, au Cap-Breton. Le gouvernement f\u00e9d\u00e9ral l\u2019a convaincue de mettre fin \u00e0 ses protestations en s\u2019engageant \u00e0 consacrer 400 millions de dollars au nettoyage du site. En mars 2018, elle a \u00e9t\u00e9 arr\u00eat\u00e9e pendant qu\u2019elle prenait part \u00e0 une manifestation contre le pipeline de Kinder Morgan; inspir\u00e9e par Gandhi et Martin Luther King, elle pr\u00f4nait la d\u00e9sob\u00e9issance civile non violente.<\/p>\n<h2>Vie personnelle<\/h2>\n<p>\u00c0 l\u2019occasion du Jour de la Terre de 2019, soit le 22 avril, elle a \u00e9pous\u00e9 John Kidder, cofondateur du Parti vert de la Colombie-Britannique. John a \u00e9t\u00e9 candidat pour le Parti vert \u00e0 l\u2019\u00e9chelle provinciale et f\u00e9d\u00e9rale. Il a un parcours professionnel inhabituel, occupant successivement les postes de cowboy, d\u2019\u00e9conomiste environnemental d\u2019agriculteur, d\u2019analyste de politique et d\u2019entrepreneur en technologie. En plus d\u2019avoir tous deux des enfants et des enfants par alliance, John et Elizabeth ont 11 petits-enfants. Ils vivent dans la magnifique localit\u00e9 de Sidney-by-the-Sea, au c\u0153ur de Saanich-Gulf Islands.<\/p>","protected":false},"excerpt":{"rendered":"<p>L\u2019une des plus illustres parlementaires du Canada, Elizabeth May d\u00e9fend l\u2019environnement depuis toujours. Avant de se lancer en politique, elle a \u00e9t\u00e9 avocate et conseill\u00e8re en politiques gouvernementales.&hellip;<\/p>\n","protected":false},"author":3,"featured_media":30392,"parent":12,"menu_order":0,"comment_status":"closed","ping_status":"closed","template":"","meta":{"_acf_changed":false,"_price":"","_stock":"","_tribe_ticket_header":"","_tribe_default_ticket_provider":"","_tribe_ticket_capacity":"0","_ticket_start_date":"","_ticket_end_date":"","_tribe_ticket_show_description":"","_tribe_ticket_show_not_going":false,"_tribe_ticket_use_global_stock":"","_tribe_ticket_global_stock_level":"","_global_stock_mode":"","_global_stock_cap":"","_tribe_rsvp_for_event":"","_tribe_ticket_going_count":"","_tribe_ticket_not_going_count":"","_tribe_tickets_list":"[]","_tribe_ticket_has_attendee_info_fields":false,"footnotes":"","_tec_slr_enabled":"","_tec_slr_layout":""},"class_list":["post-751","page","type-page","status-publish","has-post-thumbnail","hentry"],"acf":[],"yoast_head":"<!-- This site is optimized with the Yoast SEO plugin v27.4 - https:\/\/yoast.com\/product\/yoast-seo-wordpress\/ -->\n<title>Elizabeth May | Elizabeth May<\/title>\n<meta name=\"robots\" content=\"index, follow, max-snippet:-1, max-image-preview:large, max-video-preview:-1\" \/>\n<link rel=\"canonical\" href=\"https:\/\/elizabethmaymp.ca\/fr\/home\/meet-elizabeth-widget\/meet-elizabeth-may\/\" \/>\n<meta property=\"og:locale\" content=\"en_US\" \/>\n<meta property=\"og:type\" content=\"article\" \/>\n<meta property=\"og:title\" content=\"Elizabeth May | Elizabeth May\" \/>\n<meta property=\"og:description\" content=\"L\u2019une des plus illustres parlementaires du Canada, Elizabeth May d\u00e9fend l\u2019environnement depuis toujours. Avant de se lancer en politique, elle a \u00e9t\u00e9 avocate et conseill\u00e8re en politiques gouvernementales.&hellip;\" \/>\n<meta property=\"og:url\" content=\"https:\/\/elizabethmaymp.ca\/fr\/home\/meet-elizabeth-widget\/meet-elizabeth-may\/\" \/>\n<meta property=\"og:site_name\" content=\"Elizabeth May\" \/>\n<meta property=\"article:publisher\" content=\"https:\/\/www.facebook.com\/ElizabethMayMP\" \/>\n<meta property=\"article:modified_time\" content=\"2026-03-25T20:49:31+00:00\" \/>\n<meta property=\"og:image\" content=\"https:\/\/elizabethmaymp.ca\/wp-content\/uploads\/ElizabethMay_PV-scaled.jpg\" \/>\n\t<meta property=\"og:image:width\" content=\"1707\" \/>\n\t<meta property=\"og:image:height\" content=\"2560\" \/>\n\t<meta property=\"og:image:type\" content=\"image\/jpeg\" \/>\n<meta name=\"twitter:card\" content=\"summary_large_image\" \/>\n<meta name=\"twitter:site\" content=\"@elizabethmay\" \/>\n<meta name=\"twitter:label1\" content=\"Est. reading time\" \/>\n\t<meta name=\"twitter:data1\" content=\"5 minutes\" \/>\n<script type=\"application\/ld+json\" class=\"yoast-schema-graph\">{\"@context\":\"https:\\\/\\\/schema.org\",\"@graph\":[{\"@type\":\"WebPage\",\"@id\":\"https:\\\/\\\/elizabethmaymp.ca\\\/fr\\\/home\\\/meet-elizabeth-widget\\\/meet-elizabeth-may\\\/\",\"url\":\"https:\\\/\\\/elizabethmaymp.ca\\\/fr\\\/home\\\/meet-elizabeth-widget\\\/meet-elizabeth-may\\\/\",\"name\":\"Elizabeth May | Elizabeth May\",\"isPartOf\":{\"@id\":\"https:\\\/\\\/elizabethmaymp.ca\\\/fr\\\/#website\"},\"primaryImageOfPage\":{\"@id\":\"https:\\\/\\\/elizabethmaymp.ca\\\/fr\\\/home\\\/meet-elizabeth-widget\\\/meet-elizabeth-may\\\/#primaryimage\"},\"image\":{\"@id\":\"https:\\\/\\\/elizabethmaymp.ca\\\/home\\\/meet-elizabeth-widget\\\/meet-elizabeth-may\\\/#primaryimage\"},\"thumbnailUrl\":\"https:\\\/\\\/elizabethmaymp.ca\\\/wp-content\\\/uploads\\\/ElizabethMay_PV-scaled.jpg\",\"datePublished\":\"2011-11-22T03:19:42+00:00\",\"dateModified\":\"2026-03-25T20:49:31+00:00\",\"breadcrumb\":{\"@id\":\"https:\\\/\\\/elizabethmaymp.ca\\\/fr\\\/home\\\/meet-elizabeth-widget\\\/meet-elizabeth-may\\\/#breadcrumb\"},\"inLanguage\":\"en-US\",\"potentialAction\":[{\"@type\":\"ReadAction\",\"target\":[[\"https:\\\/\\\/elizabethmaymp.ca\\\/fr\\\/home\\\/meet-elizabeth-widget\\\/meet-elizabeth-may\\\/\"]]}]},{\"@type\":\"ImageObject\",\"inLanguage\":\"en-US\",\"@id\":\"https:\\\/\\\/elizabethmaymp.ca\\\/fr\\\/home\\\/meet-elizabeth-widget\\\/meet-elizabeth-may\\\/#primaryimage\",\"url\":\"https:\\\/\\\/elizabethmaymp.ca\\\/wp-content\\\/uploads\\\/ElizabethMay_PV-scaled.jpg\",\"contentUrl\":\"https:\\\/\\\/elizabethmaymp.ca\\\/wp-content\\\/uploads\\\/ElizabethMay_PV-scaled.jpg\",\"width\":1707,\"height\":2560,\"caption\":\"Elizabeth May Official Portrait \\\/ Portrait Officiel Ottawa, ONTARIO, Canada on June 4, 2025. \u00a9 HOC-CDC Credit: M\u00e9lanie Provencher, House of Commons Photo Services\"},{\"@type\":\"BreadcrumbList\",\"@id\":\"https:\\\/\\\/elizabethmaymp.ca\\\/fr\\\/home\\\/meet-elizabeth-widget\\\/meet-elizabeth-may\\\/#breadcrumb\",\"itemListElement\":[{\"@type\":\"ListItem\",\"position\":1,\"name\":\"Home\",\"item\":\"https:\\\/\\\/elizabethmaymp.ca\\\/fr\\\/\"},{\"@type\":\"ListItem\",\"position\":2,\"name\":\"Meet Elizabeth May\",\"item\":\"https:\\\/\\\/elizabethmaymp.ca\\\/fr\\\/\"},{\"@type\":\"ListItem\",\"position\":3,\"name\":\"Meet Elizabeth\",\"item\":\"https:\\\/\\\/elizabethmaymp.ca\\\/fr\\\/home\\\/meet-elizabeth-widget\\\/\"},{\"@type\":\"ListItem\",\"position\":4,\"name\":\"Meet Elizabeth May\"}]},{\"@type\":\"WebSite\",\"@id\":\"https:\\\/\\\/elizabethmaymp.ca\\\/fr\\\/#website\",\"url\":\"https:\\\/\\\/elizabethmaymp.ca\\\/fr\\\/\",\"name\":\"Elizabeth May\",\"description\":\"MP for Saanich and Gulf Islands\",\"publisher\":{\"@id\":\"https:\\\/\\\/elizabethmaymp.ca\\\/fr\\\/#organization\"},\"potentialAction\":[{\"@type\":\"SearchAction\",\"target\":{\"@type\":\"EntryPoint\",\"urlTemplate\":\"https:\\\/\\\/elizabethmaymp.ca\\\/fr\\\/?s={search_term_string}\"},\"query-input\":{\"@type\":\"PropertyValueSpecification\",\"valueRequired\":true,\"valueName\":\"search_term_string\"}}],\"inLanguage\":\"en-US\"},{\"@type\":\"Organization\",\"@id\":\"https:\\\/\\\/elizabethmaymp.ca\\\/fr\\\/#organization\",\"name\":\"Elizabeth May MP\",\"url\":\"https:\\\/\\\/elizabethmaymp.ca\\\/fr\\\/\",\"logo\":{\"@type\":\"ImageObject\",\"inLanguage\":\"en-US\",\"@id\":\"https:\\\/\\\/elizabethmaymp.ca\\\/fr\\\/#\\\/schema\\\/logo\\\/image\\\/\",\"url\":\"https:\\\/\\\/elizabethmaymp.ca\\\/wp-content\\\/uploads\\\/elizabethmay-button.png\",\"contentUrl\":\"https:\\\/\\\/elizabethmaymp.ca\\\/wp-content\\\/uploads\\\/elizabethmay-button.png\",\"width\":1501,\"height\":1501,\"caption\":\"Elizabeth May MP\"},\"image\":{\"@id\":\"https:\\\/\\\/elizabethmaymp.ca\\\/fr\\\/#\\\/schema\\\/logo\\\/image\\\/\"},\"sameAs\":[\"https:\\\/\\\/www.facebook.com\\\/ElizabethMayMP\",\"https:\\\/\\\/x.com\\\/elizabethmay\"]}]}<\/script>\n<!-- \/ Yoast SEO plugin. -->","yoast_head_json":{"title":"Elizabeth May | Elizabeth May","robots":{"index":"index","follow":"follow","max-snippet":"max-snippet:-1","max-image-preview":"max-image-preview:large","max-video-preview":"max-video-preview:-1"},"canonical":"https:\/\/elizabethmaymp.ca\/fr\/home\/meet-elizabeth-widget\/meet-elizabeth-may\/","og_locale":"en_US","og_type":"article","og_title":"Elizabeth May | Elizabeth May","og_description":"L\u2019une des plus illustres parlementaires du Canada, Elizabeth May d\u00e9fend l\u2019environnement depuis toujours. Avant de se lancer en politique, elle a \u00e9t\u00e9 avocate et conseill\u00e8re en politiques gouvernementales.&hellip;","og_url":"https:\/\/elizabethmaymp.ca\/fr\/home\/meet-elizabeth-widget\/meet-elizabeth-may\/","og_site_name":"Elizabeth May","article_publisher":"https:\/\/www.facebook.com\/ElizabethMayMP","article_modified_time":"2026-03-25T20:49:31+00:00","og_image":[{"width":1707,"height":2560,"url":"https:\/\/elizabethmaymp.ca\/wp-content\/uploads\/ElizabethMay_PV-scaled.jpg","type":"image\/jpeg"}],"twitter_card":"summary_large_image","twitter_site":"@elizabethmay","twitter_misc":{"Est. reading time":"5 minutes"},"schema":{"@context":"https:\/\/schema.org","@graph":[{"@type":"WebPage","@id":"https:\/\/elizabethmaymp.ca\/fr\/home\/meet-elizabeth-widget\/meet-elizabeth-may\/","url":"https:\/\/elizabethmaymp.ca\/fr\/home\/meet-elizabeth-widget\/meet-elizabeth-may\/","name":"Elizabeth May | Elizabeth May","isPartOf":{"@id":"https:\/\/elizabethmaymp.ca\/fr\/#website"},"primaryImageOfPage":{"@id":"https:\/\/elizabethmaymp.ca\/fr\/home\/meet-elizabeth-widget\/meet-elizabeth-may\/#primaryimage"},"image":{"@id":"https:\/\/elizabethmaymp.ca\/home\/meet-elizabeth-widget\/meet-elizabeth-may\/#primaryimage"},"thumbnailUrl":"https:\/\/elizabethmaymp.ca\/wp-content\/uploads\/ElizabethMay_PV-scaled.jpg","datePublished":"2011-11-22T03:19:42+00:00","dateModified":"2026-03-25T20:49:31+00:00","breadcrumb":{"@id":"https:\/\/elizabethmaymp.ca\/fr\/home\/meet-elizabeth-widget\/meet-elizabeth-may\/#breadcrumb"},"inLanguage":"en-US","potentialAction":[{"@type":"ReadAction","target":[["https:\/\/elizabethmaymp.ca\/fr\/home\/meet-elizabeth-widget\/meet-elizabeth-may\/"]]}]},{"@type":"ImageObject","inLanguage":"en-US","@id":"https:\/\/elizabethmaymp.ca\/fr\/home\/meet-elizabeth-widget\/meet-elizabeth-may\/#primaryimage","url":"https:\/\/elizabethmaymp.ca\/wp-content\/uploads\/ElizabethMay_PV-scaled.jpg","contentUrl":"https:\/\/elizabethmaymp.ca\/wp-content\/uploads\/ElizabethMay_PV-scaled.jpg","width":1707,"height":2560,"caption":"Elizabeth May Official Portrait \/ Portrait Officiel Ottawa, ONTARIO, Canada on June 4, 2025. \u00a9 HOC-CDC Credit: M\u00e9lanie Provencher, House of Commons Photo Services"},{"@type":"BreadcrumbList","@id":"https:\/\/elizabethmaymp.ca\/fr\/home\/meet-elizabeth-widget\/meet-elizabeth-may\/#breadcrumb","itemListElement":[{"@type":"ListItem","position":1,"name":"Home","item":"https:\/\/elizabethmaymp.ca\/fr\/"},{"@type":"ListItem","position":2,"name":"Meet Elizabeth May","item":"https:\/\/elizabethmaymp.ca\/fr\/"},{"@type":"ListItem","position":3,"name":"Meet Elizabeth","item":"https:\/\/elizabethmaymp.ca\/fr\/home\/meet-elizabeth-widget\/"},{"@type":"ListItem","position":4,"name":"Meet Elizabeth May"}]},{"@type":"WebSite","@id":"https:\/\/elizabethmaymp.ca\/fr\/#website","url":"https:\/\/elizabethmaymp.ca\/fr\/","name":"Elizabeth May","description":"MP for Saanich and Gulf Islands","publisher":{"@id":"https:\/\/elizabethmaymp.ca\/fr\/#organization"},"potentialAction":[{"@type":"SearchAction","target":{"@type":"EntryPoint","urlTemplate":"https:\/\/elizabethmaymp.ca\/fr\/?s={search_term_string}"},"query-input":{"@type":"PropertyValueSpecification","valueRequired":true,"valueName":"search_term_string"}}],"inLanguage":"en-US"},{"@type":"Organization","@id":"https:\/\/elizabethmaymp.ca\/fr\/#organization","name":"Elizabeth May MP","url":"https:\/\/elizabethmaymp.ca\/fr\/","logo":{"@type":"ImageObject","inLanguage":"en-US","@id":"https:\/\/elizabethmaymp.ca\/fr\/#\/schema\/logo\/image\/","url":"https:\/\/elizabethmaymp.ca\/wp-content\/uploads\/elizabethmay-button.png","contentUrl":"https:\/\/elizabethmaymp.ca\/wp-content\/uploads\/elizabethmay-button.png","width":1501,"height":1501,"caption":"Elizabeth May MP"},"image":{"@id":"https:\/\/elizabethmaymp.ca\/fr\/#\/schema\/logo\/image\/"},"sameAs":["https:\/\/www.facebook.com\/ElizabethMayMP","https:\/\/x.com\/elizabethmay"]}]}},"ticketed":false,"_links":{"self":[{"href":"https:\/\/elizabethmaymp.ca\/fr\/wp-json\/wp\/v2\/pages\/751","targetHints":{"allow":["GET"]}}],"collection":[{"href":"https:\/\/elizabethmaymp.ca\/fr\/wp-json\/wp\/v2\/pages"}],"about":[{"href":"https:\/\/elizabethmaymp.ca\/fr\/wp-json\/wp\/v2\/types\/page"}],"author":[{"embeddable":true,"href":"https:\/\/elizabethmaymp.ca\/fr\/wp-json\/wp\/v2\/users\/3"}],"replies":[{"embeddable":true,"href":"https:\/\/elizabethmaymp.ca\/fr\/wp-json\/wp\/v2\/comments?post=751"}],"version-history":[{"count":39,"href":"https:\/\/elizabethmaymp.ca\/fr\/wp-json\/wp\/v2\/pages\/751\/revisions"}],"predecessor-version":[{"id":29784,"href":"https:\/\/elizabethmaymp.ca\/fr\/wp-json\/wp\/v2\/pages\/751\/revisions\/29784"}],"up":[{"embeddable":true,"href":"https:\/\/elizabethmaymp.ca\/fr\/wp-json\/wp\/v2\/pages\/12"}],"wp:featuredmedia":[{"embeddable":true,"href":"https:\/\/elizabethmaymp.ca\/fr\/wp-json\/wp\/v2\/media\/30392"}],"wp:attachment":[{"href":"https:\/\/elizabethmaymp.ca\/fr\/wp-json\/wp\/v2\/media?parent=751"}],"curies":[{"name":"wp","href":"https:\/\/api.w.org\/{rel}","templated":true}]}}